{"id":4470,"date":"2022-10-17T14:42:05","date_gmt":"2022-10-17T14:42:05","guid":{"rendered":"http:\/\/www.lagambarrada.com\/blog\/"},"modified":"2023-01-13T13:32:27","modified_gmt":"2023-01-13T13:32:27","slug":"blog","status":"publish","type":"page","link":"https:\/\/www.lagambarrada.com\/es\/blog\/","title":{"rendered":"Blog"},"content":{"rendered":"\t\t<div data-elementor-type=\"wp-page\" data-elementor-id=\"4470\" class=\"elementor elementor-4470 elementor-4447\">\n\t\t\t\t\t\t\t\t\t<section class=\"elementor-section elementor-top-section elementor-element elementor-element-90bdd24 elementor-section-boxed elementor-section-height-default elementor-section-height-default parallax_section_no qode_elementor_container_no\" data-id=\"90bdd24\" data-element_type=\"section\" data-settings=\"{&quot;background_background&quot;:&quot;classic&quot;}\">\n\t\t\t\t\t\t\t<div class=\"elementor-background-overlay\"><\/div>\n\t\t\t\t\t\t\t<div class=\"elementor-container elementor-column-gap-default\">\n\t\t\t\t\t<div class=\"elementor-column elementor-col-100 elementor-top-column elementor-element elementor-element-f0095cb\" data-id=\"f0095cb\" data-element_type=\"column\" data-settings=\"{&quot;background_background&quot;:&quot;classic&quot;}\">\n\t\t\t<div class=\"elementor-widget-wrap elementor-element-populated\">\n\t\t\t\t\t\t\t\t<div class=\"elementor-element elementor-element-0396d84 elementor-widget elementor-widget-qi_addons_for_elementor_blog_list\" data-id=\"0396d84\" data-element_type=\"widget\" data-widget_type=\"qi_addons_for_elementor_blog_list.default\">\n\t\t\t\t<div class=\"elementor-widget-container\">\n\t\t\t<div class=\"qodef-shortcode qodef-m qodef-addons-blog-list qodef-info-no-icons qodef-image--hover-zoom qodef-qi-grid qodef-layout--qi-columns qodef-col-num--2 qodef-item-layout--boxed qodef-responsive--predefined\" >\n\t<div class=\"qodef-grid-inner\">\n\t\t<article class=\"qodef-e qodef-blog-item qodef-grid-item qodef-item--square post-5882 post type-post status-publish format-standard has-post-thumbnail hentry category-prensa\">\n\t<div class=\"qodef-e-inner\">\n\t\t<div class=\"qodef-e-media-holder\">\n\t\t\t<div class=\"qodef-e-media\">\n\t\t<div class=\"qodef-e-media-image\">\n\t\t<a itemprop=\"url\" href=\"https:\/\/www.lagambarrada.com\/es\/prensa\/la-gambarrada-en-la-revista-tothosap\/\">\n\t\t\t<img width=\"650\" height=\"650\" src=\"https:\/\/www.lagambarrada.com\/wp-content\/uploads\/2023\/08\/WhatsApp-Image-2023-08-13-at-15.00.35-650x650.jpeg\" class=\"attachment-qi_addons_for_elementor_image_size_square size-qi_addons_for_elementor_image_size_square\" alt=\"\" srcset=\"https:\/\/www.lagambarrada.com\/wp-content\/uploads\/2023\/08\/WhatsApp-Image-2023-08-13-at-15.00.35-650x650.jpeg 650w, https:\/\/www.lagambarrada.com\/wp-content\/uploads\/2023\/08\/WhatsApp-Image-2023-08-13-at-15.00.35-150x150.jpeg 150w, https:\/\/www.lagambarrada.com\/wp-content\/uploads\/2023\/08\/WhatsApp-Image-2023-08-13-at-15.00.35-570x570.jpeg 570w, https:\/\/www.lagambarrada.com\/wp-content\/uploads\/2023\/08\/WhatsApp-Image-2023-08-13-at-15.00.35-500x500.jpeg 500w, https:\/\/www.lagambarrada.com\/wp-content\/uploads\/2023\/08\/WhatsApp-Image-2023-08-13-at-15.00.35-1000x1000.jpeg 1000w\" sizes=\"(max-width: 650px) 100vw, 650px\" \/>\t\t<\/a>\n\t\t\t<\/div>\n<\/div>\n<div itemprop=\"dateCreated\" class=\"qodef-e-info-item qodef-e-info-date entry-date \">\n\t<a itemprop=\"url\" href=\"https:\/\/www.lagambarrada.com\/es\/2023\/08\/\">\n\t\t16 Ago\t<\/a>\n<\/div>\n\t\t<\/div>\n\t\t<div class=\"qodef-e-content\">\n\t\t\t\t\t\t\t<div class=\"qodef-e-info qodef-info--top\">\n\t\t\t\t\t<div class=\"qodef-e-info-item qodef-e-info-category\">\n\t\t<a href=\"https:\/\/www.lagambarrada.com\/es\/category\/prensa\/\" rel=\"category tag\">Prensa<\/a><\/div>\n<div class=\"qodef-e-info-item qodef-e-info-author\">\n\t<a itemprop=\"author\" class=\"qodef-e-info-author-link\" href=\"https:\/\/www.lagambarrada.com\/es\/author\/admin\/\">\n\t\t\t\tadmin\t<\/a>\n<\/div>\n\t\t\t\t<\/div>\n\t\t\t\t\t\t<div class=\"qodef-e-text\">\n\t\t\t\t<h5 itemprop=\"name\" class=\"qodef-e-title entry-title\">\n\t<a itemprop=\"url\" class=\"qodef-e-title-link\" href=\"https:\/\/www.lagambarrada.com\/es\/prensa\/la-gambarrada-en-la-revista-tothosap\/\">\n\t\t\u00a1La Gambarrada en la REVISTA TOTHOSAP!\t<\/a>\n<\/h5>\n\t\t<p itemprop=\"description\" class=\"qodef-e-excerpt\">\n\t\t\t[vc_row css_animation=\u00bb\u00bb row_type=\u00bbrow\u00bb use_row_as_full_screen_section=\u00bbno\u00bb type=\u00bbfull_width\u00bb angled_section=\u00bbno\u00bb text_align=\u00bbleft\u00bb background_image_as_pattern=\u00bbwithou\t\t<\/p>\n\t\t\t\t<\/div>\n\t\t\t\t\t\t\t<div class=\"qodef-e-info qodef-info--bottom\">\n\t\t\t\t\t\t<div class=\"qodef-e-read-more\">\n\t\t<a class=\"qodef-shortcode qodef-m qodef-qi-button qodef-html--link qodef-layout--filled qodef-type--standard qodef-icon--right qodef-hover--icon-move-horizontal-short\" href=\"https:\/\/www.lagambarrada.com\/es\/prensa\/la-gambarrada-en-la-revista-tothosap\/\" target=\"_self\">\t<span class=\"qodef-m-text\">Read More<\/span>\t<\/a>\t<\/div>\n\t\t\t\t<\/div>\n\t\t\t\t\t<\/div>\n\t<\/div>\n<\/article>\n<article class=\"qodef-e qodef-blog-item qodef-grid-item qodef-item--square post-5892 post type-post status-publish format-standard has-post-thumbnail hentry category-premsa\">\n\t<div class=\"qodef-e-inner\">\n\t\t<div class=\"qodef-e-media-holder\">\n\t\t\t<div class=\"qodef-e-media\">\n\t\t<div class=\"qodef-e-media-image\">\n\t\t<a itemprop=\"url\" href=\"https:\/\/www.lagambarrada.com\/es\/prensa\/la-gambarrada-en-la-revista-tothosap-2\/\">\n\t\t\t<img width=\"650\" height=\"650\" src=\"https:\/\/www.lagambarrada.com\/wp-content\/uploads\/2023\/08\/WhatsApp-Image-2023-08-13-at-15.00.35-650x650.jpeg\" class=\"attachment-qi_addons_for_elementor_image_size_square size-qi_addons_for_elementor_image_size_square\" alt=\"\" srcset=\"https:\/\/www.lagambarrada.com\/wp-content\/uploads\/2023\/08\/WhatsApp-Image-2023-08-13-at-15.00.35-650x650.jpeg 650w, https:\/\/www.lagambarrada.com\/wp-content\/uploads\/2023\/08\/WhatsApp-Image-2023-08-13-at-15.00.35-150x150.jpeg 150w, https:\/\/www.lagambarrada.com\/wp-content\/uploads\/2023\/08\/WhatsApp-Image-2023-08-13-at-15.00.35-570x570.jpeg 570w, https:\/\/www.lagambarrada.com\/wp-content\/uploads\/2023\/08\/WhatsApp-Image-2023-08-13-at-15.00.35-500x500.jpeg 500w, https:\/\/www.lagambarrada.com\/wp-content\/uploads\/2023\/08\/WhatsApp-Image-2023-08-13-at-15.00.35-1000x1000.jpeg 1000w\" sizes=\"(max-width: 650px) 100vw, 650px\" \/>\t\t<\/a>\n\t\t\t<\/div>\n<\/div>\n<div itemprop=\"dateCreated\" class=\"qodef-e-info-item qodef-e-info-date entry-date \">\n\t<a itemprop=\"url\" href=\"https:\/\/www.lagambarrada.com\/es\/2023\/08\/\">\n\t\t16 Ago\t<\/a>\n<\/div>\n\t\t<\/div>\n\t\t<div class=\"qodef-e-content\">\n\t\t\t\t\t\t\t<div class=\"qodef-e-info qodef-info--top\">\n\t\t\t\t\t<div class=\"qodef-e-info-item qodef-e-info-category\">\n\t\t<a href=\"https:\/\/www.lagambarrada.com\/category\/premsa\/\" rel=\"category tag\">Premsa<\/a><\/div>\n<div class=\"qodef-e-info-item qodef-e-info-author\">\n\t<a itemprop=\"author\" class=\"qodef-e-info-author-link\" href=\"https:\/\/www.lagambarrada.com\/es\/author\/admin\/\">\n\t\t\t\tadmin\t<\/a>\n<\/div>\n\t\t\t\t<\/div>\n\t\t\t\t\t\t<div class=\"qodef-e-text\">\n\t\t\t\t<h5 itemprop=\"name\" class=\"qodef-e-title entry-title\">\n\t<a itemprop=\"url\" class=\"qodef-e-title-link\" href=\"https:\/\/www.lagambarrada.com\/es\/prensa\/la-gambarrada-en-la-revista-tothosap-2\/\">\n\t\tLa Gambarrada en la REVISTA TOTHOSAP!\t<\/a>\n<\/h5>\n\t\t<p itemprop=\"description\" class=\"qodef-e-excerpt\">\n\t\t\t[vc_row css_animation=\u00bb\u00bb row_type=\u00bbrow\u00bb use_row_as_full_screen_section=\u00bbno\u00bb type=\u00bbfull_width\u00bb angled_section=\u00bbno\u00bb text_align=\u00bbleft\u00bb background_image_as_pattern=\u00bbwithou\t\t<\/p>\n\t\t\t\t<\/div>\n\t\t\t\t\t\t\t<div class=\"qodef-e-info qodef-info--bottom\">\n\t\t\t\t\t\t<div class=\"qodef-e-read-more\">\n\t\t<a class=\"qodef-shortcode qodef-m qodef-qi-button qodef-html--link qodef-layout--filled qodef-type--standard qodef-icon--right qodef-hover--icon-move-horizontal-short\" href=\"https:\/\/www.lagambarrada.com\/es\/prensa\/la-gambarrada-en-la-revista-tothosap-2\/\" target=\"_self\">\t<span class=\"qodef-m-text\">Read More<\/span>\t<\/a>\t<\/div>\n\t\t\t\t<\/div>\n\t\t\t\t\t<\/div>\n\t<\/div>\n<\/article>\n<article class=\"qodef-e qodef-blog-item qodef-grid-item qodef-item--square post-4857 post type-post status-publish format-standard has-post-thumbnail hentry category-prensa\">\n\t<div class=\"qodef-e-inner\">\n\t\t<div class=\"qodef-e-media-holder\">\n\t\t\t<div class=\"qodef-e-media\">\n\t\t<div class=\"qodef-e-media-image\">\n\t\t<a itemprop=\"url\" href=\"https:\/\/www.lagambarrada.com\/es\/prensa\/la-gambarrada-en-club-de-gourmets\/\">\n\t\t\t<img width=\"650\" height=\"650\" src=\"https:\/\/www.lagambarrada.com\/wp-content\/uploads\/2022\/06\/paella-carpaccio-650x650.jpg\" class=\"attachment-qi_addons_for_elementor_image_size_square size-qi_addons_for_elementor_image_size_square\" alt=\"\" srcset=\"https:\/\/www.lagambarrada.com\/wp-content\/uploads\/2022\/06\/paella-carpaccio-650x650.jpg 650w, https:\/\/www.lagambarrada.com\/wp-content\/uploads\/2022\/06\/paella-carpaccio-150x150.jpg 150w, https:\/\/www.lagambarrada.com\/wp-content\/uploads\/2022\/06\/paella-carpaccio-570x570.jpg 570w, https:\/\/www.lagambarrada.com\/wp-content\/uploads\/2022\/06\/paella-carpaccio-500x500.jpg 500w, https:\/\/www.lagambarrada.com\/wp-content\/uploads\/2022\/06\/paella-carpaccio-1000x1000.jpg 1000w, https:\/\/www.lagambarrada.com\/wp-content\/uploads\/2022\/06\/paella-carpaccio-1300x1300.jpg 1300w\" sizes=\"(max-width: 650px) 100vw, 650px\" \/>\t\t<\/a>\n\t\t\t<\/div>\n<\/div>\n<div itemprop=\"dateCreated\" class=\"qodef-e-info-item qodef-e-info-date entry-date \">\n\t<a itemprop=\"url\" href=\"https:\/\/www.lagambarrada.com\/es\/2023\/01\/\">\n\t\t13 Ene\t<\/a>\n<\/div>\n\t\t<\/div>\n\t\t<div class=\"qodef-e-content\">\n\t\t\t\t\t\t\t<div class=\"qodef-e-info qodef-info--top\">\n\t\t\t\t\t<div class=\"qodef-e-info-item qodef-e-info-category\">\n\t\t<a href=\"https:\/\/www.lagambarrada.com\/es\/category\/prensa\/\" rel=\"category tag\">Prensa<\/a><\/div>\n<div class=\"qodef-e-info-item qodef-e-info-author\">\n\t<a itemprop=\"author\" class=\"qodef-e-info-author-link\" href=\"https:\/\/www.lagambarrada.com\/es\/author\/admin\/\">\n\t\t\t\tadmin\t<\/a>\n<\/div>\n\t\t\t\t<\/div>\n\t\t\t\t\t\t<div class=\"qodef-e-text\">\n\t\t\t\t<h5 itemprop=\"name\" class=\"qodef-e-title entry-title\">\n\t<a itemprop=\"url\" class=\"qodef-e-title-link\" href=\"https:\/\/www.lagambarrada.com\/es\/prensa\/la-gambarrada-en-club-de-gourmets\/\">\n\t\tLa Gambarrada en Club de Gourmets\t<\/a>\n<\/h5>\n\t\t<p itemprop=\"description\" class=\"qodef-e-excerpt\">\n\t\t\tDavid Reig ah\u00fama sus pescados, elabora su pan y sus baos y hasta un pachar\u00e1n para los amigos. Diez a\u00f1os de estudio, entre Gerona y Barcelona; una temporada en El Bulli, otra en\t\t<\/p>\n\t\t\t\t<\/div>\n\t\t\t\t\t\t\t<div class=\"qodef-e-info qodef-info--bottom\">\n\t\t\t\t\t\t<div class=\"qodef-e-read-more\">\n\t\t<a class=\"qodef-shortcode qodef-m qodef-qi-button qodef-html--link qodef-layout--filled qodef-type--standard qodef-icon--right qodef-hover--icon-move-horizontal-short\" href=\"https:\/\/www.lagambarrada.com\/es\/prensa\/la-gambarrada-en-club-de-gourmets\/\" target=\"_self\">\t<span class=\"qodef-m-text\">Read More<\/span>\t<\/a>\t<\/div>\n\t\t\t\t<\/div>\n\t\t\t\t\t<\/div>\n\t<\/div>\n<\/article>\n<article class=\"qodef-e qodef-blog-item qodef-grid-item qodef-item--square post-4408 post type-post status-publish format-standard has-post-thumbnail hentry category-prensa\">\n\t<div class=\"qodef-e-inner\">\n\t\t<div class=\"qodef-e-media-holder\">\n\t\t\t<div class=\"qodef-e-media\">\n\t\t<div class=\"qodef-e-media-image\">\n\t\t<a itemprop=\"url\" href=\"https:\/\/www.lagambarrada.com\/es\/prensa\/restaurante-gamberro-pero-con-un-chef-de-lujo\/\">\n\t\t\t<img width=\"544\" height=\"650\" src=\"https:\/\/www.lagambarrada.com\/wp-content\/uploads\/2022\/10\/david-reig-restaurant-la-gambarrada-544x650.jpg\" class=\"attachment-qi_addons_for_elementor_image_size_square size-qi_addons_for_elementor_image_size_square\" alt=\"\" \/>\t\t<\/a>\n\t\t\t<\/div>\n<\/div>\n<div itemprop=\"dateCreated\" class=\"qodef-e-info-item qodef-e-info-date entry-date \">\n\t<a itemprop=\"url\" href=\"https:\/\/www.lagambarrada.com\/es\/2022\/10\/\">\n\t\t17 Oct\t<\/a>\n<\/div>\n\t\t<\/div>\n\t\t<div class=\"qodef-e-content\">\n\t\t\t\t\t\t\t<div class=\"qodef-e-info qodef-info--top\">\n\t\t\t\t\t<div class=\"qodef-e-info-item qodef-e-info-category\">\n\t\t<a href=\"https:\/\/www.lagambarrada.com\/es\/category\/prensa\/\" rel=\"category tag\">Prensa<\/a><\/div>\n<div class=\"qodef-e-info-item qodef-e-info-author\">\n\t<a itemprop=\"author\" class=\"qodef-e-info-author-link\" href=\"https:\/\/www.lagambarrada.com\/es\/author\/admin\/\">\n\t\t\t\tadmin\t<\/a>\n<\/div>\n\t\t\t\t<\/div>\n\t\t\t\t\t\t<div class=\"qodef-e-text\">\n\t\t\t\t<h5 itemprop=\"name\" class=\"qodef-e-title entry-title\">\n\t<a itemprop=\"url\" class=\"qodef-e-title-link\" href=\"https:\/\/www.lagambarrada.com\/es\/prensa\/restaurante-gamberro-pero-con-un-chef-de-lujo\/\">\n\t\tRestaurante gamberro, pero con un chef de lujo\t<\/a>\n<\/h5>\n\t\t<p itemprop=\"description\" class=\"qodef-e-excerpt\">\n\t\t\tDavid Reig ofrece en La Gambarrada una cocina desenfadada con producto de calidad y precios asequibles\r\nDavid Reig, chef de largo recorrido, hac\u00eda la oblea del corte de parmesano,\t\t<\/p>\n\t\t\t\t<\/div>\n\t\t\t\t\t\t\t<div class=\"qodef-e-info qodef-info--bottom\">\n\t\t\t\t\t\t<div class=\"qodef-e-read-more\">\n\t\t<a class=\"qodef-shortcode qodef-m qodef-qi-button qodef-html--link qodef-layout--filled qodef-type--standard qodef-icon--right qodef-hover--icon-move-horizontal-short\" href=\"https:\/\/www.lagambarrada.com\/es\/prensa\/restaurante-gamberro-pero-con-un-chef-de-lujo\/\" target=\"_self\">\t<span class=\"qodef-m-text\">Read More<\/span>\t<\/a>\t<\/div>\n\t\t\t\t<\/div>\n\t\t\t\t\t<\/div>\n\t<\/div>\n<\/article>\n\t<\/div>\n\t<\/div>\n\t\t<\/div>\n\t\t\t\t<\/div>\n\t\t\t\t\t<\/div>\n\t\t<\/div>\n\t\t\t\t\t\t\t<\/div>\n\t\t<\/section>\n\t\t\t\t\t\t\t<\/div>\n\t\t","protected":false},"excerpt":{"rendered":"<p>17 oct. Premsa admin Restaurante gamberro, pero con un chef de lujo David Reig ofrece en La Gambarrada una cocina desenfadada con producto de calidad y precios asequibles David Reig, chef de largo recorrido, hac\u00eda la oblea del corte de parmesano, Read More<\/p>\n","protected":false},"author":1,"featured_media":0,"parent":0,"menu_order":0,"comment_status":"closed","ping_status":"closed","template":"","meta":[],"_links":{"self":[{"href":"https:\/\/www.lagambarrada.com\/es\/wp-json\/wp\/v2\/pages\/4470"}],"collection":[{"href":"https:\/\/www.lagambarrada.com\/es\/wp-json\/wp\/v2\/pages"}],"about":[{"href":"https:\/\/www.lagambarrada.com\/es\/wp-json\/wp\/v2\/types\/page"}],"author":[{"embeddable":true,"href":"https:\/\/www.lagambarrada.com\/es\/wp-json\/wp\/v2\/users\/1"}],"replies":[{"embeddable":true,"href":"https:\/\/www.lagambarrada.com\/es\/wp-json\/wp\/v2\/comments?post=4470"}],"version-history":[{"count":16,"href":"https:\/\/www.lagambarrada.com\/es\/wp-json\/wp\/v2\/pages\/4470\/revisions"}],"predecessor-version":[{"id":4849,"href":"https:\/\/www.lagambarrada.com\/es\/wp-json\/wp\/v2\/pages\/4470\/revisions\/4849"}],"wp:attachment":[{"href":"https:\/\/www.lagambarrada.com\/es\/wp-json\/wp\/v2\/media?parent=4470"}],"curies":[{"name":"wp","href":"https:\/\/api.w.org\/{rel}","templated":true}]}}